{"id":22,"date":"2025-09-26T10:47:53","date_gmt":"2025-09-26T10:47:53","guid":{"rendered":"https:\/\/intandem.com.ar\/?page_id=22"},"modified":"2026-02-23T09:13:02","modified_gmt":"2026-02-23T09:13:02","slug":"nosotros","status":"publish","type":"page","link":"https:\/\/intandem.com.ar\/?page_id=22","title":{"rendered":"Nosotros"},"content":{"rendered":"\t\t<div data-elementor-type=\"wp-page\" data-elementor-id=\"22\" class=\"elementor elementor-22\" data-elementor-post-type=\"page\">\n\t\t\t\t<div class=\"elementor-element elementor-element-b3459a5 e-flex e-con-boxed elementor-invisible e-con e-parent\" data-id=\"b3459a5\" data-element_type=\"container\" data-e-type=\"container\" data-settings=\"{&quot;background_background&quot;:&quot;classic&quot;,&quot;animation&quot;:&quot;fadeIn&quot;}\">\n\t\t\t\t\t<div class=\"e-con-inner\">\n\t\t\t\t<div class=\"elementor-element elementor-element-82336f1 elementor-invisible elementor-widget elementor-widget-heading\" data-id=\"82336f1\" data-element_type=\"widget\" data-e-type=\"widget\" data-settings=\"{&quot;_animation&quot;:&quot;fadeInUp&quot;}\" data-widget_type=\"heading.default\">\n\t\t\t\t\t<h1 class=\"elementor-heading-title elementor-size-default\">NOSOTROS<\/h1>\t\t\t\t<\/div>\n\t\t\t\t\t<\/div>\n\t\t\t\t<\/div>\n\t\t<div class=\"elementor-element elementor-element-2860c95 e-flex e-con-boxed e-con e-parent\" data-id=\"2860c95\" data-element_type=\"container\" data-e-type=\"container\" data-settings=\"{&quot;background_background&quot;:&quot;classic&quot;}\">\n\t\t\t\t\t<div class=\"e-con-inner\">\n\t\t<div class=\"elementor-element elementor-element-136fffe e-con-full e-flex elementor-invisible e-con e-child\" data-id=\"136fffe\" data-element_type=\"container\" data-e-type=\"container\" data-settings=\"{&quot;animation&quot;:&quot;fadeIn&quot;}\">\n\t\t\t\t<div class=\"elementor-element elementor-element-0c14d08 elementor-invisible elementor-widget elementor-widget-heading\" data-id=\"0c14d08\" data-element_type=\"widget\" data-e-type=\"widget\" data-settings=\"{&quot;_animation&quot;:&quot;fadeInDown&quot;}\" data-widget_type=\"heading.default\">\n\t\t\t\t\t<h2 class=\"elementor-heading-title elementor-size-default\">Mirada integral con perspectiva estrat\u00e9gica<\/h2>\t\t\t\t<\/div>\n\t\t\t\t<div class=\"elementor-element elementor-element-78b6b1e elementor-invisible elementor-widget elementor-widget-text-editor\" data-id=\"78b6b1e\" data-element_type=\"widget\" data-e-type=\"widget\" data-settings=\"{&quot;_animation&quot;:&quot;fadeInDown&quot;}\" data-widget_type=\"text-editor.default\">\n\t\t\t\t\t\t\t\t\t<p>Somos una consultora interdisciplinaria que ofrece soluciones integrales en tres \u00e1reas de servicios: Marketing, Recursos Humanos y Auditor\u00eda.\u00a0<\/p>\t\t\t\t\t\t\t\t<\/div>\n\t\t\t\t<div class=\"elementor-element elementor-element-0be8f08 elementor-invisible elementor-widget elementor-widget-text-editor\" data-id=\"0be8f08\" data-element_type=\"widget\" data-e-type=\"widget\" data-settings=\"{&quot;_animation&quot;:&quot;fadeInDown&quot;}\" data-widget_type=\"text-editor.default\">\n\t\t\t\t\t\t\t\t\t<p><strong><em>T\u00e1ndem<\/em><\/strong><em> (dic-) bicicleta para dos personas, sentadas una tras otra \/\/ Tiro de dos caballo que est\u00e1n enganchados uno delante del otro \/\/\/ Fig. Asociaci\u00f3n de dos personas o grupos.<\/em><\/p>\t\t\t\t\t\t\t\t<\/div>\n\t\t\t\t<div class=\"elementor-element elementor-element-fe4ed23 elementor-invisible elementor-widget elementor-widget-text-editor\" data-id=\"fe4ed23\" data-element_type=\"widget\" data-e-type=\"widget\" data-settings=\"{&quot;_animation&quot;:&quot;fadeInDown&quot;}\" data-widget_type=\"text-editor.default\">\n\t\t\t\t\t\t\t\t\t<p>T\u00e1ndem es la <strong>sincronizaci\u00f3n de dos ejes<\/strong> que avanzan en forma paralela y refleja el <strong>enfoque colaborativo y coordinado<\/strong> con el que trabajamos para potenciar a nuestros clientes.<\/p>\t\t\t\t\t\t\t\t<\/div>\n\t\t\t\t<div class=\"elementor-element elementor-element-41489c0 elementor-invisible elementor-widget elementor-widget-text-editor\" data-id=\"41489c0\" data-element_type=\"widget\" data-e-type=\"widget\" data-settings=\"{&quot;_animation&quot;:&quot;fadeInDown&quot;}\" data-widget_type=\"text-editor.default\">\n\t\t\t\t\t\t\t\t\t<p>Nuestra filosof\u00eda se basa en\u00a0 el <strong>relacionamiento con los clientes como valor m\u00e1ximo<\/strong> y la disposici\u00f3n para entregar una <strong>larga experiencia y conocimiento<\/strong>, integrando distintas especialidades para lograr <strong>resultados concretos y sostenibles.<\/strong><\/p>\t\t\t\t\t\t\t\t<\/div>\n\t\t\t\t<\/div>\n\t\t\t\t\t<\/div>\n\t\t\t\t<\/div>\n\t\t<div class=\"elementor-element elementor-element-21962bf e-flex e-con-boxed e-con e-parent\" data-id=\"21962bf\" data-element_type=\"container\" data-e-type=\"container\">\n\t\t\t\t\t<div class=\"e-con-inner\">\n\t\t<div class=\"elementor-element elementor-element-33d66a3 e-con-full e-flex elementor-invisible e-con e-child\" data-id=\"33d66a3\" data-element_type=\"container\" data-e-type=\"container\" data-settings=\"{&quot;animation&quot;:&quot;fadeInLeft&quot;}\">\n\t\t\t\t<div class=\"elementor-element elementor-element-4e046ee elementor-widget elementor-widget-heading\" data-id=\"4e046ee\" data-element_type=\"widget\" data-e-type=\"widget\" data-widget_type=\"heading.default\">\n\t\t\t\t\t<h2 class=\"elementor-heading-title elementor-size-default\">Nuestra historia<\/h2>\t\t\t\t<\/div>\n\t\t\t\t<div class=\"elementor-element elementor-element-d8ebc5d elementor-widget elementor-widget-text-editor\" data-id=\"d8ebc5d\" data-element_type=\"widget\" data-e-type=\"widget\" data-widget_type=\"text-editor.default\">\n\t\t\t\t\t\t\t\t\t<p>Int\u00e1ndem comenz\u00f3 sus actividades en el inicio del milenio, en el a\u00f1o 2000.<\/p><p>Si bien la fecha es un hito simb\u00f3lico, refleja nuestra convicci\u00f3n de producir cambios significativos en las organizaciones con las cuales trabajamos.<\/p><p>Desde hace m\u00e1s de 25 a\u00f1os hemos participado en una gran cantidad de <em>proyectos de cambio y transformaci\u00f3n de clientes a\u00a0 nivel regional y nacional.<\/em><\/p>\t\t\t\t\t\t\t\t<\/div>\n\t\t\t\t<\/div>\n\t\t<div class=\"elementor-element elementor-element-378c2c4 e-con-full e-flex elementor-invisible e-con e-child\" data-id=\"378c2c4\" data-element_type=\"container\" data-e-type=\"container\" data-settings=\"{&quot;animation&quot;:&quot;fadeInRight&quot;}\">\n\t\t\t\t<div class=\"elementor-element elementor-element-769f634 elementor-widget elementor-widget-image\" data-id=\"769f634\" data-element_type=\"widget\" data-e-type=\"widget\" data-widget_type=\"image.default\">\n\t\t\t\t\t\t\t\t\t\t\t\t\t\t\t<img fetchpriority=\"high\" decoding=\"async\" width=\"683\" height=\"1024\" src=\"https:\/\/intandem.com.ar\/wp-content\/uploads\/2026\/02\/espacio-de-oficina-moderno-y-fresco-683x1024.webp\" class=\"attachment-large size-large wp-image-614\" alt=\"\" srcset=\"https:\/\/intandem.com.ar\/wp-content\/uploads\/2026\/02\/espacio-de-oficina-moderno-y-fresco-683x1024.webp 683w, https:\/\/intandem.com.ar\/wp-content\/uploads\/2026\/02\/espacio-de-oficina-moderno-y-fresco-200x300.webp 200w, https:\/\/intandem.com.ar\/wp-content\/uploads\/2026\/02\/espacio-de-oficina-moderno-y-fresco-768x1152.webp 768w, https:\/\/intandem.com.ar\/wp-content\/uploads\/2026\/02\/espacio-de-oficina-moderno-y-fresco-1024x1536.webp 1024w, https:\/\/intandem.com.ar\/wp-content\/uploads\/2026\/02\/espacio-de-oficina-moderno-y-fresco-1365x2048.webp 1365w, https:\/\/intandem.com.ar\/wp-content\/uploads\/2026\/02\/espacio-de-oficina-moderno-y-fresco-scaled.webp 1707w\" sizes=\"(max-width: 683px) 100vw, 683px\" \/>\t\t\t\t\t\t\t\t\t\t\t\t\t\t\t<\/div>\n\t\t\t\t<\/div>\n\t\t\t\t\t<\/div>\n\t\t\t\t<\/div>\n\t\t\t\t<\/div>\n\t\t","protected":false},"excerpt":{"rendered":"<p>NOSOTROS Mirada integral con perspectiva estrat\u00e9gica Somos una consultora interdisciplinaria que ofrece soluciones integrales en tres \u00e1reas de servicios: Marketing, Recursos Humanos y Auditor\u00eda.\u00a0 T\u00e1ndem (dic-) bicicleta para dos personas, sentadas una tras otra \/\/ Tiro de dos caballo que est\u00e1n enganchados uno delante del otro \/\/\/ Fig. Asociaci\u00f3n de dos personas o grupos. T\u00e1ndem [&hellip;]<\/p>\n","protected":false},"author":1,"featured_media":0,"parent":0,"menu_order":0,"comment_status":"closed","ping_status":"closed","template":"","meta":{"footnotes":""},"class_list":["post-22","page","type-page","status-publish","hentry"],"_links":{"self":[{"href":"https:\/\/intandem.com.ar\/index.php?rest_route=\/wp\/v2\/pages\/22","targetHints":{"allow":["GET"]}}],"collection":[{"href":"https:\/\/intandem.com.ar\/index.php?rest_route=\/wp\/v2\/pages"}],"about":[{"href":"https:\/\/intandem.com.ar\/index.php?rest_route=\/wp\/v2\/types\/page"}],"author":[{"embeddable":true,"href":"https:\/\/intandem.com.ar\/index.php?rest_route=\/wp\/v2\/users\/1"}],"replies":[{"embeddable":true,"href":"https:\/\/intandem.com.ar\/index.php?rest_route=%2Fwp%2Fv2%2Fcomments&post=22"}],"version-history":[{"count":37,"href":"https:\/\/intandem.com.ar\/index.php?rest_route=\/wp\/v2\/pages\/22\/revisions"}],"predecessor-version":[{"id":617,"href":"https:\/\/intandem.com.ar\/index.php?rest_route=\/wp\/v2\/pages\/22\/revisions\/617"}],"wp:attachment":[{"href":"https:\/\/intandem.com.ar\/index.php?rest_route=%2Fwp%2Fv2%2Fmedia&parent=22"}],"curies":[{"name":"wp","href":"https:\/\/api.w.org\/{rel}","templated":true}]}}